{"id":103,"date":"2024-03-04T21:28:27","date_gmt":"2024-03-04T21:28:27","guid":{"rendered":"http:\/\/localhost\/amca\/?page_id=103"},"modified":"2024-07-17T12:36:28","modified_gmt":"2024-07-17T18:36:28","slug":"fundadores","status":"publish","type":"page","link":"https:\/\/amca-ac.org\/?page_id=103","title":{"rendered":"Fundadores"},"content":{"rendered":"<div data-colibri-id=\"103-c1\" class=\"style-279 style-local-103-c1 position-relative\">\n  <!---->\n  <div data-colibri-component=\"section\" data-colibri-id=\"103-c2\" id=\"custom\" class=\"h-section h-section-global-spacing d-flex align-items-lg-center align-items-md-center align-items-center style-473 style-local-103-c2 position-relative\">\n    <!---->\n    <!---->\n    <div class=\"h-section-grid-container h-section-boxed-container\">\n      <!---->\n      <div data-colibri-id=\"103-c3\" class=\"h-row-container gutters-row-lg-2 gutters-row-md-2 gutters-row-0 gutters-row-v-lg-2 gutters-row-v-md-2 gutters-row-v-2 style-516 style-local-103-c3 position-relative\">\n        <!---->\n        <div class=\"h-row justify-content-lg-center justify-content-md-center justify-content-center align-items-lg-stretch align-items-md-stretch align-items-stretch gutters-col-lg-2 gutters-col-md-2 gutters-col-0 gutters-col-v-lg-2 gutters-col-v-md-2 gutters-col-v-2\">\n          <!---->\n          <div class=\"h-column h-column-container d-flex h-col-lg-auto h-col-md-auto h-col-auto style-517-outer style-local-103-c4-outer\">\n            <div data-colibri-id=\"103-c4\" class=\"d-flex h-flex-basis h-column__inner h-px-lg-2 h-px-md-2 h-px-2 v-inner-lg-2 v-inner-md-2 v-inner-2 style-517 style-local-103-c4 position-relative\">\n              <!---->\n              <!---->\n              <div class=\"w-100 h-y-container h-column__content h-column__v-align flex-basis-100 align-self-lg-start align-self-md-start align-self-start\">\n                <!---->\n                <div data-colibri-id=\"103-c5\" data-aos=\"fadeIn\" class=\"d-block style-518 style-local-103-c5 position-relative h-element\">\n                  <!---->\n                  <div class=\"h-image__frame-container-outer\">\n                    <a href=\"https:\/\/amca-ac.org\/wp-content\/uploads\/2024\/03\/Fundadores_AMCA-scaled.jpg\" data-fancybox=\"section-group-mUpMmm3hMWosEz4Dp6nmZm\" h-use-smooth-scroll=\"true\" class=\"image-link\">\n                      <div class=\"h-image__frame-container\">\n                        <!---->\n                        <!---->\n                        <img loading=\"lazy\" decoding=\"async\" width=\"1995\" height=\"2560\" src=\"http:\/\/localhost\/amca\/wp-content\/uploads\/2024\/03\/Fundadores_AMCA-scaled.jpg\" class=\"wp-image-477 style-518-image style-local-103-c5-image\" alt=\"\" srcset=\"https:\/\/amca-ac.org\/wp-content\/uploads\/2024\/03\/Fundadores_AMCA-scaled.jpg 1995w, https:\/\/amca-ac.org\/wp-content\/uploads\/2024\/03\/Fundadores_AMCA-234x300.jpg 234w, https:\/\/amca-ac.org\/wp-content\/uploads\/2024\/03\/Fundadores_AMCA-798x1024.jpg 798w, https:\/\/amca-ac.org\/wp-content\/uploads\/2024\/03\/Fundadores_AMCA-768x986.jpg 768w, https:\/\/amca-ac.org\/wp-content\/uploads\/2024\/03\/Fundadores_AMCA-1197x1536.jpg 1197w, https:\/\/amca-ac.org\/wp-content\/uploads\/2024\/03\/Fundadores_AMCA-1596x2048.jpg 1596w\" sizes=\"auto, (max-width: 1995px) 100vw, 1995px\" \/>\n                        <div class=\"h-image__frame h-hide-lg h-hide-md h-hide-sm style-518-frameImage style-local-103-c5-frameImage\"><\/div>\n                      <\/div>\n                    <\/a>\n                  <\/div>\n                <\/div>\n                <div data-colibri-component=\"tabs\" data-colibri-id=\"103-c6\" data-aos=\"fadeIn\" class=\"h-tabs h-tabs-horizontal h-tabs--horizontal--auto-lg h-tabs--horizontal--auto-md h-tabs--horizontal--full h-tabs h-tabs-horizontal h-tabs--horizontal--auto-lg h-tabs--horizontal--auto-md h-tabs--horizontal--full style-503 style-local-103-c6 position-relative h-element\">\n                  <!---->\n                  <div class=\"h-tabs-navigation d-flex h-tabs-navigation-horizontal\">\n                    <a href=\"#miembros-fundadores\" class=\"h-tabs-navigation-item d-flex align-items-center h-global-transition h-tabs-navigation-active-item h-custom-active-state\" rel=\"#miembros-fundadores\">\n                      <!----><span class=\"h-tabs-navigation-item__text\">Miembros fundadores<\/span><\/a>\n                    <a href=\"#consejo-directivo-fundadores\" class=\"h-tabs-navigation-item d-flex align-items-center h-global-transition\" rel=\"#consejo-directivo-fundadores\">\n                      <!----><span class=\"h-tabs-navigation-item__text\">Consejo Directivo Fundadores<\/span><\/a>\n                  <\/div>\n                  <div id=\"miembros-fundadores\" skip-smooth-scroll=\"true\" skip-scroll-spy=\"true\" data-colibri-id=\"103-c7\" class=\"h-tabs-item-content h-tabs-item h-tabs-content-horizontal h-tabs-content-103-c7 style-504 style-local-103-c7 position-relative h-element h-tabs-content-active\">\n                    <!---->\n                    <div class=\"w-100 h-y-container\">\n                      <!---->\n                      <div data-colibri-id=\"103-c8\" class=\"h-text h-text-component style-505 style-local-103-c8 position-relative h-element\">\n                        <!---->\n                        <!---->\n                        <div class=\"\">\n                          <ul>\n                            <li><span style=\"font-size: 120%; font-weight: 600;\">Mtro. Jos\u00e9 \u00cd\u00f1igo Aguilar Medina&nbsp;<\/span><\/li>\n                            <li><span style=\"font-size: 120%; font-weight: 600;\">Dra. Mar\u00eda del Carmen Anzures y Bola\u00f1os<\/span><\/li>\n                            <li><span style=\"font-size: 120%; font-weight: 600;\">Mtro. Ra\u00fal Mart\u00edn Arana \u00c1lvarez&nbsp;<\/span><\/li>\n                            <li><span style=\"font-size: 120%; font-weight: 600;\">Etnlgo. Ra\u00fal Sergio Arroyo Garc\u00eda&nbsp;<\/span><\/li>\n                            <li><span style=\"font-size: 120%; font-weight: 600;\">Mtra. Gloria Art\u00eds Mercadet<\/span><\/li>\n                            <li><span style=\"font-size: 120%; font-weight: 600;\">Dra. Beatriz Barba Ahuatzin&nbsp;<\/span><strong style=\"font-size: 150%; font-weight: 800;\">\u2020<\/strong><\/li>\n                            <li><span style=\"font-size: 120%; font-weight: 600;\">Mtro. Luis Humberto Barjau<\/span><\/li>\n                            <li><span style=\"font-size: 120%; font-weight: 600;\">Dra. Mar\u00eda Teresa Cabrero<\/span><\/li>\n                            <li><span style=\"font-size: 120%; font-weight: 600;\">Mtra. Noem\u00ed Castillo Tejero<\/span><\/li>\n                            <li><span style=\"font-size: 120%; font-weight: 600;\">Dra. Marcia Castro-Leal Espino&nbsp;<\/span><\/li>\n                            <li><span style=\"font-size: 120%; font-weight: 600;\">Dra. Mar\u00eda Antonieta Cervantes Leandro<\/span><\/li>\n                            <li><span style=\"font-size: 120%; font-weight: 600;\">Dr. Claudio Esteva Fabregat&nbsp;<\/span><strong style=\"font-size: 24px; font-weight: 800; color: rgb(64, 85, 169); font-family: &quot;Open Sans&quot;;\">\u2020<\/strong><\/li>\n                            <li><span style=\"font-size: 120%; font-weight: 600;\">Dr. Roberto Flores Ortiz<\/span><\/li>\n                            <li><span style=\"font-size: 120%; font-weight: 600;\">Dr. William Joseph Folan Higgins&nbsp;<\/span><strong style=\"font-size: 24px; font-weight: 800; color: rgb(64, 85, 169); font-family: &quot;Open Sans&quot;;\">\u2020<\/strong><\/li>\n                            <li><span style=\"font-size: 120%; font-weight: 600;\">Dr. Antonio Garrido Aranda&nbsp;<\/span><\/li>\n                            <li><span style=\"font-size: 120%; font-weight: 600;\">Mtra. Lina Odena G\u00fcemes Herrera<\/span><\/li>\n                            <li><span style=\"font-size: 120%; font-weight: 600;\">Dr. Ignacio Guzm\u00e1n Betancourt&nbsp;<\/span><strong style=\"font-size: 24px; font-weight: 800; color: rgb(64, 85, 169); font-family: &quot;Open Sans&quot;;\">\u2020<\/strong><\/li>\n                            <li><span style=\"font-size: 120%; font-weight: 600;\">Dr. Alfredo Jim\u00e9nez N\u00fa\u00f1ez&nbsp;<\/span><strong style=\"font-size: 24px; font-weight: 800; color: rgb(64, 85, 169); font-family: &quot;Open Sans&quot;;\">\u2020<\/strong><\/li>\n                            <li><span style=\"font-size: 120%; font-weight: 600;\">Dr. Zaid Lagunas Rodr\u00edguez<\/span><\/li>\n                            <li><span style=\"font-size: 120%; font-weight: 600;\">Dr. Jaime Litvak King&nbsp;<\/span><strong style=\"font-size: 24px; font-weight: 800; color: rgb(64, 85, 169); font-family: &quot;Open Sans&quot;;\">\u2020<\/strong><\/li>\n                            <li><span style=\"font-size: 120%; font-weight: 600;\">Dr. Leonardo L\u00f3pez Luj\u00e1n<\/span><\/li>\n                            <li><span style=\"font-size: 120%; font-weight: 600;\">Dra. Lourdes M\u00e1rquez Morf\u00edn<\/span><\/li>\n                            <li><span style=\"font-size: 120%; font-weight: 600;\">Mtra. Teresa Mora V\u00e1zquez<\/span><\/li>\n                            <li><span style=\"font-size: 120%; font-weight: 600;\">Dra. Margarita Nolasco Armas&nbsp;<\/span><strong style=\"font-size: 24px; font-weight: 800; font-family: &quot;Open Sans&quot;; color: rgb(64, 85, 169);\">\u2020<\/strong><\/li>\n                            <li><span style=\"font-size: 120%; font-weight: 600;\">Dr. Jos\u00e9 Arturo Oliveros Morales&nbsp;<\/span><strong style=\"font-size: 24px; font-weight: 800; font-family: &quot;Open Sans&quot;; color: rgb(64, 85, 169);\">\u2020<\/strong><\/li>\n                            <li><span style=\"font-size: 120%; font-weight: 600;\">Dra. Florencia Pe\u00f1a Saint Mart\u00edn<\/span><\/li>\n                            <li><span style=\"font-size: 120%; font-weight: 600;\">Dr. Te\u00f3filo Reyes Couturier&nbsp;<\/span><strong style=\"font-size: 24px; font-weight: 800; font-family: &quot;Open Sans&quot;; color: rgb(64, 85, 169);\">\u2020<\/strong><\/li>\n                            <li><span style=\"font-size: 120%; font-weight: 600;\">Dra. Mar\u00eda de Jes\u00fas Rodr\u00edguez Vald\u00e9s<\/span><\/li>\n                            <li><span style=\"font-size: 120%; font-weight: 600;\">Mtro. Arturo Romano Pacheco&nbsp;<\/span><strong style=\"font-size: 24px; font-weight: 800; font-family: &quot;Open Sans&quot;; color: rgb(64, 85, 169);\">\u2020<\/strong><\/li>\n                            <li><span style=\"font-size: 120%; font-weight: 600;\">Dra. Mechthild Rutsch Zehmer<\/span><\/li>\n                            <li><span style=\"font-size: 120%; font-weight: 600;\">Dra. Mar\u00eda Justina Sarabia Viejo&nbsp;<\/span><strong style=\"font-size: 24px; font-weight: 800; color: rgb(64, 85, 169); font-family: &quot;Open Sans&quot;;\">\u2020<\/strong><\/li>\n                            <li><span style=\"font-size: 120%; font-weight: 600;\">Mtra. Mar\u00eda Teresa Sep\u00falveda y Herrera&nbsp;<\/span><\/li>\n                            <li><span style=\"font-size: 120%; font-weight: 600;\">Dra. Mari Carmen Serra Puche&nbsp;<\/span><\/li>\n                            <li><span style=\"font-size: 120%; font-weight: 600;\">Dr. Carlos Serrano S\u00e1nchez<\/span><\/li>\n                            <li><span style=\"font-size: 120%; font-weight: 600;\">Dr. Robert Shadow<\/span><\/li>\n                            <li><span style=\"font-size: 120%; font-weight: 600;\">Dr. Rolf Stavenhagen&nbsp;<\/span><strong style=\"font-size: 24px; font-weight: 800; color: rgb(64, 85, 169); font-family: &quot;Open Sans&quot;;\">\u2020<\/strong><\/li>\n                            <li><span style=\"font-size: 120%; font-weight: 600;\">Dr. Guy Stresser-Pean&nbsp;<\/span><strong style=\"font-size: 24px; font-weight: 800; color: rgb(64, 85, 169); font-family: &quot;Open Sans&quot;;\">\u2020<\/strong><\/li>\n                            <li><span style=\"font-size: 120%; font-weight: 600;\">Dra. Beatriz Su\u00f1e Blanco&nbsp;<\/span><\/li>\n                            <li><span style=\"font-size: 120%; font-weight: 600;\">Dra. Ana Rita Valero Guti\u00e9rrez<\/span><\/li>\n                            <li><span style=\"font-size: 120%; font-weight: 600;\">Mtra. Perla Valle P\u00e9rez&nbsp;<\/span><strong style=\"font-size: 24px; font-weight: 800; font-family: &quot;Open Sans&quot;; color: rgb(64, 85, 169);\">\u2020<\/strong><\/li>\n                            <li><span style=\"font-size: 120%; font-weight: 600;\">Dr. Ernesto Vargas Pacheco<\/span><\/li>\n                            <li><span style=\"font-size: 120%; font-weight: 600;\">Dra. Noem\u00ed Quezada Ram\u00edrez&nbsp;<\/span><strong style=\"font-size: 24px; font-weight: 800; font-family: &quot;Open Sans&quot;; color: rgb(64, 85, 169);\">\u2020<\/strong><\/li>\n                          <\/ul>\n                          <p>\n                            <br>\n                          <\/p>\n                        <\/div>\n                      <\/div>\n                    <\/div>\n                  <\/div>\n                  <div id=\"consejo-directivo-fundadores\" skip-smooth-scroll=\"true\" skip-scroll-spy=\"true\" data-colibri-id=\"103-c9\" class=\"h-tabs-item-content h-tabs-item h-tabs-content-horizontal h-tabs-content-103-c9 style-506 style-local-103-c9 position-relative h-element hide\">\n                    <!---->\n                    <div class=\"w-100 h-y-container\">\n                      <!---->\n                      <div data-colibri-id=\"103-c10\" class=\"h-text h-text-component style-507 style-local-103-c10 position-relative h-element\">\n                        <!---->\n                        <!---->\n                        <div class=\"\">\n                          <ul>\n                            <li><span style=\"font-weight: 600; font-size: 120%;\">Dra. Beatriz Barba Ahuatzin&nbsp;<\/span><strong style=\"font-weight: 800; font-size: 24px; color: rgb(64, 85, 169); font-family: &quot;Open Sans&quot;;\">\u2020<\/strong><\/li>\n                            <li><span style=\"font-weight: 600; font-size: 120%;\">Presidenta<\/span><\/li>\n                            <li><span style=\"font-weight: 600; font-size: 120%;\">Dra. Margarita Nolasco Armas&nbsp;<\/span><strong style=\"font-weight: 800; font-size: 24px; font-family: &quot;Open Sans&quot;; color: rgb(64, 85, 169);\">\u2020<\/strong><\/li>\n                            <li><span style=\"font-weight: 600; font-size: 120%;\">Vicepresidenta<\/span><\/li>\n                            <li><span style=\"font-weight: 600; font-size: 120%;\">Mtro. Jos\u00e9 \u00cd\u00f1igo Aguilar Medina<\/span><\/li>\n                            <li><span style=\"font-weight: 600; font-size: 120%;\">Secretario<\/span><\/li>\n                            <li><span style=\"font-weight: 600; font-size: 120%;\">Mtro. Arturo Romano Pacheco&nbsp;<\/span><strong style=\"font-weight: 800; font-size: 24px; color: rgb(64, 85, 169); font-family: &quot;Open Sans&quot;;\">\u2020<\/strong><\/li>\n                            <li><span style=\"font-weight: 600; font-size: 120%;\">Tesorero<\/span><\/li>\n                          <\/ul>\n                          <p>\n                            <br>\n                          <\/p>\n                        <\/div>\n                      <\/div>\n                    <\/div>\n                  <\/div>\n                <\/div>\n              <\/div>\n            <\/div>\n          <\/div>\n        <\/div>\n      <\/div>\n    <\/div>\n  <\/div>\n<\/div>","protected":false},"excerpt":{"rendered":"<p>Miembros fundadores Consejo Directivo Fundadores Mtro. Jos\u00e9 \u00cd\u00f1igo Aguilar Medina&nbsp; Dra. Mar\u00eda del Carmen Anzures y Bola\u00f1os Mtro. Ra\u00fal Mart\u00edn Arana \u00c1lvarez&nbsp; Etnlgo. Ra\u00fal Sergio Arroyo Garc\u00eda&nbsp; Mtra. Gloria Art\u00eds Mercadet Dra. Beatriz Barba Ahuatzin&nbsp;\u2020 Mtro. Luis Humberto Barjau Dra. Mar\u00eda Teresa Cabrero Mtra. Noem\u00ed Castillo Tejero Dra. Marcia Castro-Leal Espino&nbsp; Dra. Mar\u00eda Antonieta Cervantes [&hellip;]<\/p>\n","protected":false},"author":1,"featured_media":0,"parent":0,"menu_order":0,"comment_status":"closed","ping_status":"closed","template":"page-templates\/full-width-page.php","meta":{"footnotes":""},"class_list":["post-103","page","type-page","status-publish","hentry"],"_links":{"self":[{"href":"https:\/\/amca-ac.org\/index.php?rest_route=\/wp\/v2\/pages\/103","targetHints":{"allow":["GET"]}}],"collection":[{"href":"https:\/\/amca-ac.org\/index.php?rest_route=\/wp\/v2\/pages"}],"about":[{"href":"https:\/\/amca-ac.org\/index.php?rest_route=\/wp\/v2\/types\/page"}],"author":[{"embeddable":true,"href":"https:\/\/amca-ac.org\/index.php?rest_route=\/wp\/v2\/users\/1"}],"replies":[{"embeddable":true,"href":"https:\/\/amca-ac.org\/index.php?rest_route=%2Fwp%2Fv2%2Fcomments&post=103"}],"version-history":[{"count":20,"href":"https:\/\/amca-ac.org\/index.php?rest_route=\/wp\/v2\/pages\/103\/revisions"}],"predecessor-version":[{"id":3349,"href":"https:\/\/amca-ac.org\/index.php?rest_route=\/wp\/v2\/pages\/103\/revisions\/3349"}],"wp:attachment":[{"href":"https:\/\/amca-ac.org\/index.php?rest_route=%2Fwp%2Fv2%2Fmedia&parent=103"}],"curies":[{"name":"wp","href":"https:\/\/api.w.org\/{rel}","templated":true}]}}