{"id":105,"date":"2024-03-04T21:28:27","date_gmt":"2024-03-04T21:28:27","guid":{"rendered":"http:\/\/localhost\/amca\/?page_id=105"},"modified":"2024-07-05T17:15:11","modified_gmt":"2024-07-05T23:15:11","slug":"consejos-directivos","status":"publish","type":"page","link":"https:\/\/amca-ac.org\/?page_id=105","title":{"rendered":"Consejos directivos"},"content":{"rendered":"<div data-colibri-id=\"105-c1\" class=\"style-526 style-local-105-c1 position-relative\">\n  <!---->\n  <div data-colibri-component=\"section\" data-colibri-id=\"105-c2\" id=\"reusable-sections\" class=\"h-section h-section-global-spacing d-flex align-items-lg-center align-items-md-center align-items-center style-530 style-local-105-c2 position-relative\">\n    <!---->\n    <!---->\n    <div class=\"h-section-grid-container h-section-boxed-container\">\n      <!---->\n      <div data-colibri-id=\"105-c3\" class=\"h-row-container gutters-row-lg-2 gutters-row-md-2 gutters-row-0 gutters-row-v-lg-2 gutters-row-v-md-2 gutters-row-v-2 style-531 style-local-105-c3 position-relative\">\n        <!---->\n        <div class=\"h-row justify-content-lg-center justify-content-md-center justify-content-center align-items-lg-stretch align-items-md-stretch align-items-stretch gutters-col-lg-2 gutters-col-md-2 gutters-col-0 gutters-col-v-lg-2 gutters-col-v-md-2 gutters-col-v-2\">\n          <!---->\n          <div class=\"h-column h-column-container d-flex h-col-lg-auto h-col-md-auto h-col-auto style-532-outer style-local-105-c4-outer\">\n            <div data-colibri-id=\"105-c4\" class=\"d-flex h-flex-basis h-column__inner h-px-lg-2 h-px-md-2 h-px-2 v-inner-lg-2 v-inner-md-2 v-inner-2 style-532 style-local-105-c4 position-relative\">\n              <!---->\n              <!---->\n              <div class=\"w-100 h-y-container h-column__content h-column__v-align flex-basis-100 align-self-lg-center align-self-md-center align-self-center\">\n                <!---->\n                <div data-colibri-component=\"tabs\" data-colibri-id=\"105-c5\" data-aos=\"fadeIn\" class=\"h-tabs h-tabs-vertical h-tabs--vertical--auto-lg h-tabs--vertical--auto-md h-tabs--vertical--full h-tabs h-tabs-vertical h-tabs--vertical--auto-lg h-tabs--vertical--auto-md h-tabs--vertical--full style-534 style-local-105-c5 position-relative h-element\">\n                  <!---->\n                  <div class=\"h-tabs-navigation d-flex h-tabs-navigation-vertical\">\n                    <a href=\"#11-consejo-directivo-2023-2025\" class=\"h-tabs-navigation-item d-flex align-items-center h-global-transition h-tabs-navigation-active-item h-custom-active-state\" rel=\"#11-consejo-directivo-2023-2025\">\n                      <!----><span class=\"h-tabs-navigation-item__text\">11\u00b0 Consejo Directivo 2023 -2025<\/span><\/a>\n                    <a href=\"#10-consejo-directivo-2020-2022-2\" class=\"h-tabs-navigation-item d-flex align-items-center h-global-transition\" rel=\"#10-consejo-directivo-2020-2022-2\">\n                      <!----><span class=\"h-tabs-navigation-item__text\">10\u00b0 Consejo Directivo 2020-2022<\/span><\/a>\n                    <a href=\"#9-consejo-directivo-2018-2020-2\" class=\"h-tabs-navigation-item d-flex align-items-center h-global-transition\" rel=\"#9-consejo-directivo-2018-2020-2\">\n                      <!----><span class=\"h-tabs-navigation-item__text\">9\u00b0 Consejo Directivo 2018-2020<\/span><\/a>\n                    <a href=\"#8-consejo-directivo-2016-2018-2\" class=\"h-tabs-navigation-item d-flex align-items-center h-global-transition\" rel=\"#8-consejo-directivo-2016-2018-2\">\n                      <!----><span class=\"h-tabs-navigation-item__text\">8\u00b0 Consejo Directivo 2016-2018<\/span><\/a>\n                    <a href=\"#7-consejo-directivo-2014-2016-2\" class=\"h-tabs-navigation-item d-flex align-items-center h-global-transition\" rel=\"#7-consejo-directivo-2014-2016-2\">\n                      <!----><span class=\"h-tabs-navigation-item__text\">7\u00b0 Consejo Directivo 2014-2016<\/span><\/a>\n                    <a href=\"#6-consejo-directivo-2012-2014-2\" class=\"h-tabs-navigation-item d-flex align-items-center h-global-transition\" rel=\"#6-consejo-directivo-2012-2014-2\">\n                      <!----><span class=\"h-tabs-navigation-item__text\">6\u00b0 Consejo Directivo 2012-2014<\/span><\/a>\n                    <a href=\"#5-consejo-directivo-2010-2012-2\" class=\"h-tabs-navigation-item d-flex align-items-center h-global-transition\" rel=\"#5-consejo-directivo-2010-2012-2\">\n                      <!----><span class=\"h-tabs-navigation-item__text\">5\u00b0 Consejo Directivo 2010-2012<\/span><\/a>\n                    <a href=\"#4-consejo-directivo-2008-2010-2\" class=\"h-tabs-navigation-item d-flex align-items-center h-global-transition\" rel=\"#4-consejo-directivo-2008-2010-2\">\n                      <!----><span class=\"h-tabs-navigation-item__text\">4\u00b0 Consejo Directivo 2008-2010<\/span><\/a>\n                    <a href=\"#3-consejo-directivo-2006-2008\" class=\"h-tabs-navigation-item d-flex align-items-center h-global-transition\" rel=\"#3-consejo-directivo-2006-2008\">\n                      <!----><span class=\"h-tabs-navigation-item__text\">3\u00b0 Consejo Directivo 2006-2008<\/span><\/a>\n                    <a href=\"#2-consejo-directivo-2004-2006\" class=\"h-tabs-navigation-item d-flex align-items-center h-global-transition\" rel=\"#2-consejo-directivo-2004-2006\">\n                      <!----><span class=\"h-tabs-navigation-item__text\">2\u00b0 Consejo Directivo 2004-2006<\/span><\/a>\n                    <a href=\"#1er-consejo-directivo-2002-2004\" class=\"h-tabs-navigation-item d-flex align-items-center h-global-transition\" rel=\"#1er-consejo-directivo-2002-2004\">\n                      <!----><span class=\"h-tabs-navigation-item__text\">1er. Consejo Directivo 2002-2004<\/span><\/a>\n                  <\/div>\n                  <div id=\"11-consejo-directivo-2023-2025\" skip-smooth-scroll=\"true\" skip-scroll-spy=\"true\" data-colibri-id=\"105-c6\" class=\"h-tabs-item-content h-tabs-item h-tabs-content-vertical h-tabs-content-105-c6 style-655 style-local-105-c6 position-relative h-element h-tabs-content-active\">\n                    <!---->\n                    <div class=\"w-100 h-y-container\">\n                      <!---->\n                      <div data-colibri-id=\"105-c7\" class=\"h-text h-text-component style-656 style-local-105-c7 position-relative h-element\">\n                        <!---->\n                        <!---->\n                        <div class=\"\">\n                          <p><span style=\"font-weight: 600; font-size: 120%;\">Dr. Ambrosio Francisco Javier Velasco G\u00f3mez<\/span><\/p>\n                          <p><span style=\"font-weight: 600; font-size: 120%;\">Presidente<\/span><\/p>\n                          <p><span style=\"font-weight: 600; font-size: 120%;\">Dra. Marina Alonso Bola\u00f1os<\/span><\/p>\n                          <p><span style=\"font-weight: 600; font-size: 120%;\">Vicepresidenta<\/span><\/p>\n                          <p><span style=\"font-weight: 600; font-size: 120%;\">Dra. Gilda Cubillo Moreno<\/span><\/p>\n                          <p><span style=\"font-weight: 600; font-size: 120%;\">Secretaria<\/span><\/p>\n                          <p><span style=\"font-weight: 600; font-size: 120%;\">Dr. Jos\u00e9 Manuel Arias L\u00f3pez<\/span><\/p>\n                          <p><span style=\"font-weight: 600; font-size: 120%;\">Tesorero<\/span><\/p>\n                        <\/div>\n                      <\/div>\n                    <\/div>\n                  <\/div>\n                  <div id=\"10-consejo-directivo-2020-2022-2\" skip-smooth-scroll=\"true\" skip-scroll-spy=\"true\" data-colibri-id=\"105-c8\" class=\"h-tabs-item-content h-tabs-item h-tabs-content-vertical h-tabs-content-105-c8 style-669 style-local-105-c8 position-relative h-element hide\">\n                    <!---->\n                    <div class=\"w-100 h-y-container\">\n                      <!---->\n                      <div data-colibri-id=\"105-c9\" class=\"h-text h-text-component style-670 style-local-105-c9 position-relative h-element\">\n                        <!---->\n                        <!---->\n                        <div class=\"\">\n                          <p><span style=\"font-weight: 600; font-size: 120%;\">Dr. Jos\u00e9 Luis Moctezuma Zamarr\u00f3n<\/span><\/p>\n                          <p><span style=\"font-weight: 600; font-size: 120%;\">Presidente<\/span><\/p>\n                          <p><span style=\"font-weight: 600; font-size: 120%;\">Dr. Zaid Lagunas Rodr\u00edguez<\/span><\/p>\n                          <p><span style=\"font-weight: 600; font-size: 120%;\">Vicepresidente<\/span><\/p>\n                          <p><span style=\"font-weight: 600; font-size: 120%;\">Dra. Yamile de la Cruz Lira L\u00f3pez<\/span><\/p>\n                          <p><span style=\"font-weight: 600; font-size: 120%;\">Secretaria<\/span><\/p>\n                          <p><span style=\"font-weight: 600; font-size: 120%;\">Dr. Antonio Benavides Castillo<\/span><\/p>\n                          <p><span style=\"font-weight: 600; font-size: 120%;\">Tesorero<\/span><\/p>\n                        <\/div>\n                      <\/div>\n                    <\/div>\n                  <\/div>\n                  <div id=\"9-consejo-directivo-2018-2020-2\" skip-smooth-scroll=\"true\" skip-scroll-spy=\"true\" data-colibri-id=\"105-c10\" class=\"h-tabs-item-content h-tabs-item h-tabs-content-vertical h-tabs-content-105-c10 style-667 style-local-105-c10 position-relative h-element hide\">\n                    <!---->\n                    <div class=\"w-100 h-y-container\">\n                      <!---->\n                      <div data-colibri-id=\"105-c11\" class=\"h-text h-text-component style-668 style-local-105-c11 position-relative h-element\">\n                        <!---->\n                        <!---->\n                        <div class=\"\">\n                          <p><span style=\"font-weight: 600; font-size: 120%;\">Mtro. Ra\u00fal Mart\u00edn Arana \u00c1lvarez<\/span><\/p>\n                          <p><span style=\"font-weight: 600; font-size: 120%;\">Presidente<\/span><\/p>\n                          <p><span style=\"font-weight: 600; font-size: 120%;\">Dr. Carlos Serrano S\u00e1nchez<\/span><\/p>\n                          <p><span style=\"font-weight: 600; font-size: 120%;\">Vicepresidente<\/span><\/p>\n                          <p><span style=\"font-weight: 600; font-size: 120%;\">Mtra. Teresa Mora V\u00e1zquez<\/span><\/p>\n                          <p><span style=\"font-weight: 600; font-size: 120%;\">Secretaria<\/span><\/p>\n                          <p><span style=\"font-weight: 600; font-size: 120%;\">Dr. Ernesto Vargas Pacheco<\/span><\/p>\n                          <p><span style=\"font-weight: 600; font-size: 120%;\">Tesorero<\/span><\/p>\n                        <\/div>\n                      <\/div>\n                    <\/div>\n                  <\/div>\n                  <div id=\"8-consejo-directivo-2016-2018-2\" skip-smooth-scroll=\"true\" skip-scroll-spy=\"true\" data-colibri-id=\"105-c12\" class=\"h-tabs-item-content h-tabs-item h-tabs-content-vertical h-tabs-content-105-c12 style-665 style-local-105-c12 position-relative h-element hide\">\n                    <!---->\n                    <div class=\"w-100 h-y-container\">\n                      <!---->\n                      <div data-colibri-id=\"105-c13\" class=\"h-text h-text-component style-666 style-local-105-c13 position-relative h-element\">\n                        <!---->\n                        <!---->\n                        <div class=\"\">\n                          <p><span style=\"font-weight: 600; font-size: 120%;\">Mtro. Luis Humberto Barjau Mart\u00ednez<\/span><\/p>\n                          <p><span style=\"font-weight: 600; font-size: 120%;\">Presidente<\/span><\/p>\n                          <p><span style=\"font-weight: 600; font-size: 120%;\">Mtro. Ra\u00fal Arana \u00c1lvarez<\/span><\/p>\n                          <p><span style=\"font-weight: 600; font-size: 120%;\">Vicepresidente<\/span><\/p>\n                          <p><span style=\"font-weight: 600; font-size: 120%;\">Dra. Dora Sierra Carrillo<\/span><\/p>\n                          <p><span style=\"font-weight: 600; font-size: 120%;\">Secretaria<\/span><\/p>\n                          <p><span style=\"font-weight: 600; font-size: 120%;\">Mtra. Marina Anguiano Fern\u00e1ndez<\/span><\/p>\n                          <p><span style=\"font-weight: 600; font-size: 120%;\">Tesorera<\/span><\/p>\n                        <\/div>\n                      <\/div>\n                    <\/div>\n                  <\/div>\n                  <div id=\"7-consejo-directivo-2014-2016-2\" skip-smooth-scroll=\"true\" skip-scroll-spy=\"true\" data-colibri-id=\"105-c14\" class=\"h-tabs-item-content h-tabs-item h-tabs-content-vertical h-tabs-content-105-c14 style-663 style-local-105-c14 position-relative h-element hide\">\n                    <!---->\n                    <div class=\"w-100 h-y-container\">\n                      <!---->\n                      <div data-colibri-id=\"105-c15\" class=\"h-text h-text-component style-664 style-local-105-c15 position-relative h-element\">\n                        <!---->\n                        <!---->\n                        <div class=\"\">\n                          <p><span style=\"font-weight: 600; font-size: 120%;\">Dr. Fernando L\u00f3pez Aguilar<\/span><\/p>\n                          <p><span style=\"font-weight: 600; font-size: 120%;\">Presidente<\/span><\/p>\n                          <p><span style=\"font-weight: 600; font-size: 120%;\">Mtro. Luis Humberto Barjau<\/span><\/p>\n                          <p><span style=\"font-weight: 600; font-size: 120%;\">Vicepresidente<\/span><\/p>\n                          <p><span style=\"font-weight: 600; font-size: 120%;\">Dra. Mari Carmen Serra Puche<\/span><\/p>\n                          <p><span style=\"font-weight: 600; font-size: 120%;\">Secretaria<\/span><\/p>\n                          <p><span style=\"font-weight: 600; font-size: 120%;\">Dra. Josefina Bautista Mtz.<\/span><\/p>\n                          <p><span style=\"font-weight: 600; font-size: 120%;\">Tesorera<\/span><\/p>\n                        <\/div>\n                      <\/div>\n                    <\/div>\n                  <\/div>\n                  <div id=\"6-consejo-directivo-2012-2014-2\" skip-smooth-scroll=\"true\" skip-scroll-spy=\"true\" data-colibri-id=\"105-c16\" class=\"h-tabs-item-content h-tabs-item h-tabs-content-vertical h-tabs-content-105-c16 style-661 style-local-105-c16 position-relative h-element hide\">\n                    <!---->\n                    <div class=\"w-100 h-y-container\">\n                      <!---->\n                      <div data-colibri-id=\"105-c17\" class=\"h-text h-text-component style-662 style-local-105-c17 position-relative h-element\">\n                        <!---->\n                        <!---->\n                        <div class=\"\">\n                          <p><span style=\"font-weight: 600; font-size: 120%;\">Dr. Jos\u00e9 Luis Vera<\/span><\/p>\n                          <p><span style=\"font-weight: 600; font-size: 120%;\">Presidente<\/span><\/p>\n                          <p><span style=\"font-weight: 600; font-size: 120%;\">Dr. Fernando L\u00f3pez Aguilar<\/span><\/p>\n                          <p><span style=\"font-weight: 600; font-size: 120%;\">Vicepresidente<\/span><\/p>\n                          <p><span style=\"color: rgb(64, 85, 169); font-weight: 600; font-size: 120%;\">\ufeffMtra. Marina Anguiano Fern\u00e1ndez<\/span><\/p>\n                          <p><span style=\"font-weight: 600; font-size: 120%;\">Secretaria<\/span><\/p>\n                          <p><span style=\"font-weight: 600; font-size: 120%; color: rgb(64, 85, 169); font-family: &quot;Open Sans&quot;;\">Xabier Lizarraga Cruchaga<\/span><\/p>\n                          <p><span style=\"font-weight: 600; font-size: 120%;\">Tesorero<\/span><\/p>\n                        <\/div>\n                      <\/div>\n                    <\/div>\n                  <\/div>\n                  <div id=\"5-consejo-directivo-2010-2012-2\" skip-smooth-scroll=\"true\" skip-scroll-spy=\"true\" data-colibri-id=\"105-c18\" class=\"h-tabs-item-content h-tabs-item h-tabs-content-vertical h-tabs-content-105-c18 style-659 style-local-105-c18 position-relative h-element hide\">\n                    <!---->\n                    <div class=\"w-100 h-y-container\">\n                      <!---->\n                      <div data-colibri-id=\"105-c19\" class=\"h-text h-text-component style-660 style-local-105-c19 position-relative h-element\">\n                        <!---->\n                        <!---->\n                        <div class=\"\">\n                          <p><span style=\"font-weight: 600; font-size: 120%;\">Dra. Ma. Antonieta Cervantes Leandro<\/span><\/p>\n                          <p><span style=\"font-weight: 600; font-size: 120%;\">Presidenta<\/span><\/p>\n                          <p><span style=\"font-weight: 600; font-size: 120%;\">Dr. Jos\u00e9 Luis Vera Cort\u00e9s<\/span><\/p>\n                          <p><span style=\"font-weight: 600; font-size: 120%;\">Vicepresidente<\/span><\/p>\n                          <p><span style=\"font-weight: 600; font-size: 120%;\">Dr. Pedro Jim\u00e9nez Lara<\/span><\/p>\n                          <p><span style=\"font-weight: 600; font-size: 120%;\">Secretario<\/span><\/p>\n                          <p><span style=\"font-weight: 600; font-size: 120%;\">Mtra. Ana Ma. Salazar Peralta<\/span><\/p>\n                          <p><span style=\"font-weight: 600; font-size: 120%;\">Tesorera<\/span><\/p>\n                        <\/div>\n                      <\/div>\n                    <\/div>\n                  <\/div>\n                  <div id=\"4-consejo-directivo-2008-2010-2\" skip-smooth-scroll=\"true\" skip-scroll-spy=\"true\" data-colibri-id=\"105-c20\" class=\"h-tabs-item-content h-tabs-item h-tabs-content-vertical h-tabs-content-105-c20 style-657 style-local-105-c20 position-relative h-element hide\">\n                    <!---->\n                    <div class=\"w-100 h-y-container\">\n                      <!---->\n                      <div data-colibri-id=\"105-c21\" class=\"h-text h-text-component style-658 style-local-105-c21 position-relative h-element\">\n                        <!---->\n                        <!---->\n                        <div class=\"\">\n                          <p><span style=\"font-weight: 600; font-size: 120%;\">Dra. Ma. del Carmen Anzures y Bola\u00f1os<\/span><\/p>\n                          <p><span style=\"font-weight: 600; font-size: 120%;\">Presidenta<\/span><\/p>\n                          <p><span style=\"font-weight: 600; font-size: 120%;\">Dra. Ma. Antonieta Cervantes Leandro<\/span><\/p>\n                          <p><span style=\"font-weight: 600; font-size: 120%;\">Vicepresidenta<\/span><\/p>\n                          <p><span style=\"font-weight: 600; font-size: 120%;\">Dra. Lina Odena G\u00fcemes Herrera<\/span><\/p>\n                          <p><span style=\"font-weight: 600; font-size: 120%;\">Secretaria<\/span><\/p>\n                          <p><span style=\"font-weight: 600; font-size: 120%;\">Mtra. Noem\u00ed Castillo Tejero<\/span><\/p>\n                          <p><span style=\"font-weight: 600; font-size: 120%;\">Tesorera<\/span><\/p>\n                        <\/div>\n                      <\/div>\n                    <\/div>\n                  <\/div>\n                  <div id=\"3-consejo-directivo-2006-2008\" skip-smooth-scroll=\"true\" skip-scroll-spy=\"true\" data-colibri-id=\"105-c22\" class=\"h-tabs-item-content h-tabs-item h-tabs-content-vertical h-tabs-content-105-c22 style-547 style-local-105-c22 position-relative h-element hide\">\n                    <!---->\n                    <div class=\"w-100 h-y-container\">\n                      <!---->\n                      <div data-colibri-id=\"105-c23\" class=\"h-text h-text-component style-548 style-local-105-c23 position-relative h-element\">\n                        <!---->\n                        <!---->\n                        <div class=\"\">\n                          <p><span style=\"font-weight: 600; font-size: 120%;\">Dra. Marcia Castro-Leal Espino<\/span><\/p>\n                          <p><span style=\"font-weight: 600; font-size: 120%;\">Presidenta<\/span><\/p>\n                          <p><span style=\"font-weight: 600; font-size: 120%;\">Dra. Ma. del Carmen Anzures y Bola\u00f1os<\/span><\/p>\n                          <p><span style=\"font-weight: 600; font-size: 120%;\">Vicepresidenta<\/span><\/p>\n                          <p><span style=\"font-weight: 600; font-size: 120%;\">Mtra. Noem\u00ed Castillo Tejero<\/span><\/p>\n                          <p><span style=\"font-weight: 600; font-size: 120%;\">Secretaria<\/span><\/p>\n                          <p><span style=\"font-weight: 600; font-size: 120%;\">Mtro. Luis Humberto Barjau Mart\u00ednez<\/span><\/p>\n                          <p><span style=\"font-weight: 600; font-size: 120%;\">Tesorero<\/span><\/p>\n                        <\/div>\n                      <\/div>\n                    <\/div>\n                  <\/div>\n                  <div id=\"2-consejo-directivo-2004-2006\" skip-smooth-scroll=\"true\" skip-scroll-spy=\"true\" data-colibri-id=\"105-c24\" class=\"h-tabs-item-content h-tabs-item h-tabs-content-vertical h-tabs-content-105-c24 style-549 style-local-105-c24 position-relative h-element hide\">\n                    <!---->\n                    <div class=\"w-100 h-y-container\">\n                      <!---->\n                      <div data-colibri-id=\"105-c25\" class=\"h-text h-text-component style-654 style-local-105-c25 position-relative h-element\">\n                        <!---->\n                        <!---->\n                        <div class=\"\">\n                          <p><span style=\"font-weight: 600; font-size: 120%;\">Dra. Margarita Nolasco Armas<\/span><\/p>\n                          <p><span style=\"font-weight: 600; font-size: 120%;\">Presidenta<\/span><\/p>\n                          <p><span style=\"font-weight: 600; font-size: 120%;\">Dra. Marcia Castro-Leal Espino<\/span><\/p>\n                          <p><span style=\"font-weight: 600; font-size: 120%;\">Vicepresidenta<\/span><\/p>\n                          <p><span style=\"font-weight: 600; font-size: 120%;\">Dra. Ma. del Carmen Anzures y Bola\u00f1os<\/span><\/p>\n                          <p><span style=\"font-weight: 600; font-size: 120%;\">Secretaria<\/span><\/p>\n                          <p><span style=\"font-weight: 600; font-size: 120%;\">Mtro. Ra\u00fal Mart\u00edn Arana \u00c1lvarez<\/span><\/p>\n                          <p><span style=\"font-weight: 600; font-size: 120%;\">Tesorero<\/span><\/p>\n                        <\/div>\n                      <\/div>\n                    <\/div>\n                  <\/div>\n                  <div id=\"1er-consejo-directivo-2002-2004\" skip-smooth-scroll=\"true\" skip-scroll-spy=\"true\" data-colibri-id=\"105-c26\" class=\"h-tabs-item-content h-tabs-item h-tabs-content-vertical h-tabs-content-105-c26 style-537 style-local-105-c26 position-relative h-element hide\">\n                    <!---->\n                    <div class=\"w-100 h-y-container\">\n                      <!---->\n                      <div data-colibri-id=\"105-c27\" class=\"h-text h-text-component style-538 style-local-105-c27 position-relative h-element\">\n                        <!---->\n                        <!---->\n                        <div class=\"\">\n                          <p><span style=\"font-weight: 600; font-size: 120%;\">Dra. Beatriz Barba Ahuatzin<\/span><\/p>\n                          <p><span style=\"font-weight: 600; font-size: 120%;\">Presidenta<\/span><\/p>\n                          <p><span style=\"font-weight: 600; font-size: 120%;\">Dra. Margarita Nolasco Armas<\/span><\/p>\n                          <p><span style=\"font-weight: 600; font-size: 120%;\">Vicepresidenta<\/span><\/p>\n                          <p><span style=\"font-weight: 600; font-size: 120%;\">Mtro. Jos\u00e9 \u00cd\u00f1igo Aguilar Medina<\/span><\/p>\n                          <p><span style=\"font-weight: 600; font-size: 120%;\">Secretario<\/span><\/p>\n                          <p><span style=\"font-weight: 600; font-size: 120%;\">Mtro. Arturo Romano Pacheco<\/span><\/p>\n                          <p><span style=\"font-weight: 600; font-size: 120%;\">Tesorero<\/span><\/p>\n                        <\/div>\n                      <\/div>\n                    <\/div>\n                  <\/div>\n                <\/div>\n              <\/div>\n            <\/div>\n          <\/div>\n        <\/div>\n      <\/div>\n    <\/div>\n  <\/div>\n<\/div>","protected":false},"excerpt":{"rendered":"<p>11\u00b0 Consejo Directivo 2023 -2025 10\u00b0 Consejo Directivo 2020-2022 9\u00b0 Consejo Directivo 2018-2020 8\u00b0 Consejo Directivo 2016-2018 7\u00b0 Consejo Directivo 2014-2016 6\u00b0 Consejo Directivo 2012-2014 5\u00b0 Consejo Directivo 2010-2012 4\u00b0 Consejo Directivo 2008-2010 3\u00b0 Consejo Directivo 2006-2008 2\u00b0 Consejo Directivo 2004-2006 1er. Consejo Directivo 2002-2004 Dr. Ambrosio Francisco Javier Velasco G\u00f3mez Presidente Dra. Marina Alonso [&hellip;]<\/p>\n","protected":false},"author":1,"featured_media":0,"parent":0,"menu_order":0,"comment_status":"closed","ping_status":"closed","template":"page-templates\/full-width-page.php","meta":{"footnotes":""},"class_list":["post-105","page","type-page","status-publish","hentry"],"_links":{"self":[{"href":"https:\/\/amca-ac.org\/index.php?rest_route=\/wp\/v2\/pages\/105","targetHints":{"allow":["GET"]}}],"collection":[{"href":"https:\/\/amca-ac.org\/index.php?rest_route=\/wp\/v2\/pages"}],"about":[{"href":"https:\/\/amca-ac.org\/index.php?rest_route=\/wp\/v2\/types\/page"}],"author":[{"embeddable":true,"href":"https:\/\/amca-ac.org\/index.php?rest_route=\/wp\/v2\/users\/1"}],"replies":[{"embeddable":true,"href":"https:\/\/amca-ac.org\/index.php?rest_route=%2Fwp%2Fv2%2Fcomments&post=105"}],"version-history":[{"count":13,"href":"https:\/\/amca-ac.org\/index.php?rest_route=\/wp\/v2\/pages\/105\/revisions"}],"predecessor-version":[{"id":2620,"href":"https:\/\/amca-ac.org\/index.php?rest_route=\/wp\/v2\/pages\/105\/revisions\/2620"}],"wp:attachment":[{"href":"https:\/\/amca-ac.org\/index.php?rest_route=%2Fwp%2Fv2%2Fmedia&parent=105"}],"curies":[{"name":"wp","href":"https:\/\/api.w.org\/{rel}","templated":true}]}}